{"articles":[{"classes":["outercol"],"isFavourite":false,"isExternalUrl":{"articleLink":false},"articleListButtonsData":{"buttonsList":[{"label":"Les mer","url":"\/aktuelt\/?Article=64","type":"readmore"}],"mode":"default"},"favouriteType":null,"mnu":null,"section":null,"displayId":true,"docId":64,"identifier":"64Article","docType":"Article","customDate":false,"teaserData":{"teaserText":"Aktuelt","mode":"default"},"content":{"teaser":"Aktuelt","intro":"Bli med p\u00e5 et kurs som passer for alle."},"titles":{"main":"SKRIV OM DITT LIV","readMoreButton":"Les mer"},"urls":{"readMore":"\/aktuelt\/?Article=64","booking":null},"created":{"date":"23.01.2022","time":"17:20","timestamp":1642954800},"introAllowHtml":false,"hasTicket":false,"extra":null,"hasReadMore":true,"media":{"imageData":{"path":"\/sites\/e\/eidem-forlag.no\/files\/image1.jpg","width":640,"height":640,"aspectRatio":1},"previewImageUrl":"\/sites\/e\/eidem-forlag.no\/files\/image1.jpg?cropToFit=100x59&quality=50","imageVariants":[{"path":"\/sites\/e\/eidem-forlag.no\/files\/image1.jpg?cropToFit=100x59&quality=75","width":100,"height":59,"aspectRatio":1.694915254237288},{"path":"\/sites\/e\/eidem-forlag.no\/files\/image1.jpg?cropToFit=200x118&quality=75","width":200,"height":118,"aspectRatio":1.694915254237288},{"path":"\/sites\/e\/eidem-forlag.no\/files\/image1.jpg?cropToFit=400x235&quality=75","width":400,"height":235,"aspectRatio":1.702127659574468},{"path":"\/sites\/e\/eidem-forlag.no\/files\/image1.jpg?cropToFit=600x353&quality=75","width":600,"height":353,"aspectRatio":1.6997167138810199},{"path":"\/sites\/e\/eidem-forlag.no\/files\/image1.jpg?cropToFit=800x471&quality=75","width":640,"height":377,"aspectRatio":1.6976127320954908},{"path":"\/sites\/e\/eidem-forlag.no\/files\/image1.jpg?cropToFit=1000x588&quality=75","width":640,"height":376,"aspectRatio":1.702127659574468}],"image":"\/sites\/e\/eidem-forlag.no\/files\/image1.jpg","aspect":1.694915254237288,"type":"image","description":null},"additionalData":[]},{"classes":["outercol"],"isFavourite":false,"isExternalUrl":{"articleLink":false},"articleListButtonsData":{"buttonsList":[{"label":"Les mer","url":"\/aktuelt\/?Article=59","type":"readmore"}],"mode":"default"},"favouriteType":null,"mnu":null,"section":null,"displayId":true,"docId":59,"identifier":"59Article","docType":"Article","customDate":false,"teaserData":{"teaserText":"","mode":"default"},"content":{"teaser":"","intro":""},"titles":{"main":"EN SPRADEBASSE ANKOMMER \u00d8YA","readMoreButton":"Les mer"},"urls":{"readMore":"\/aktuelt\/?Article=59","booking":null},"created":{"date":"31.03.2020","time":"18:45","timestamp":1585673100},"introAllowHtml":false,"hasTicket":false,"extra":null,"hasReadMore":true,"media":{"imageData":{"path":"\/sites\/e\/eidem-forlag.no\/files\/113.jpg","width":2500,"height":1660,"aspectRatio":1.5060240963855422},"previewImageUrl":"\/sites\/e\/eidem-forlag.no\/files\/113.jpg?cropToFit=100x59&quality=50","imageVariants":[{"path":"\/sites\/e\/eidem-forlag.no\/files\/113.jpg?cropToFit=100x59&quality=75","width":100,"height":59,"aspectRatio":1.694915254237288},{"path":"\/sites\/e\/eidem-forlag.no\/files\/113.jpg?cropToFit=200x118&quality=75","width":200,"height":118,"aspectRatio":1.694915254237288},{"path":"\/sites\/e\/eidem-forlag.no\/files\/113.jpg?cropToFit=400x235&quality=75","width":400,"height":235,"aspectRatio":1.702127659574468},{"path":"\/sites\/e\/eidem-forlag.no\/files\/113.jpg?cropToFit=600x353&quality=75","width":600,"height":353,"aspectRatio":1.6997167138810199},{"path":"\/sites\/e\/eidem-forlag.no\/files\/113.jpg?cropToFit=800x471&quality=75","width":800,"height":471,"aspectRatio":1.6985138004246285},{"path":"\/sites\/e\/eidem-forlag.no\/files\/113.jpg?cropToFit=1000x588&quality=75","width":1000,"height":588,"aspectRatio":1.7006802721088434}],"image":"\/sites\/e\/eidem-forlag.no\/files\/113.jpg","aspect":1.694915254237288,"type":"image","description":null},"additionalData":[]},{"classes":["outercol"],"isFavourite":false,"isExternalUrl":{"articleLink":false},"articleListButtonsData":{"buttonsList":[{"label":"Les mer","url":"\/aktuelt\/?Article=57","type":"readmore"}],"mode":"default"},"favouriteType":null,"mnu":null,"section":null,"displayId":true,"docId":57,"identifier":"57Article","docType":"Article","customDate":false,"teaserData":{"teaserText":"","mode":"default"},"content":{"teaser":"","intro":""},"titles":{"main":"EN \u00d8Y ER ET MAGSIK STED","readMoreButton":"Les mer"},"urls":{"readMore":"\/aktuelt\/?Article=57","booking":null},"created":{"date":"24.03.2020","time":"19:39","timestamp":1585075140},"introAllowHtml":false,"hasTicket":false,"extra":null,"hasReadMore":true,"media":{"imageData":{"path":"\/sites\/e\/eidem-forlag.no\/files\/cimg3777__kopi.jpg","width":1350,"height":1800,"aspectRatio":0.75},"previewImageUrl":"\/sites\/e\/eidem-forlag.no\/files\/cimg3777__kopi.jpg?cropToFit=100x59&quality=50","imageVariants":[{"path":"\/sites\/e\/eidem-forlag.no\/files\/cimg3777__kopi.jpg?cropToFit=100x59&quality=75","width":100,"height":59,"aspectRatio":1.694915254237288},{"path":"\/sites\/e\/eidem-forlag.no\/files\/cimg3777__kopi.jpg?cropToFit=200x118&quality=75","width":200,"height":118,"aspectRatio":1.694915254237288},{"path":"\/sites\/e\/eidem-forlag.no\/files\/cimg3777__kopi.jpg?cropToFit=400x235&quality=75","width":400,"height":235,"aspectRatio":1.702127659574468},{"path":"\/sites\/e\/eidem-forlag.no\/files\/cimg3777__kopi.jpg?cropToFit=600x353&quality=75","width":600,"height":353,"aspectRatio":1.6997167138810199},{"path":"\/sites\/e\/eidem-forlag.no\/files\/cimg3777__kopi.jpg?cropToFit=800x471&quality=75","width":800,"height":471,"aspectRatio":1.6985138004246285},{"path":"\/sites\/e\/eidem-forlag.no\/files\/cimg3777__kopi.jpg?cropToFit=1000x588&quality=75","width":1000,"height":588,"aspectRatio":1.7006802721088434}],"image":"\/sites\/e\/eidem-forlag.no\/files\/cimg3777__kopi.jpg","aspect":1.694915254237288,"type":"image","description":null},"additionalData":[]},{"classes":["outercol"],"isFavourite":false,"isExternalUrl":{"articleLink":false},"articleListButtonsData":{"buttonsList":[{"label":"Les mer","url":"\/aktuelt\/?Article=73","type":"readmore"}],"mode":"default"},"favouriteType":null,"mnu":null,"section":null,"displayId":true,"docId":73,"identifier":"73Article","docType":"Article","customDate":false,"teaserData":{"teaserText":"","mode":"default"},"content":{"teaser":"","intro":"Les om min nye roman som kommer i september"},"titles":{"main":"H\u00f8nsehuset i Toscana","readMoreButton":"Les mer"},"urls":{"readMore":"\/aktuelt\/?Article=73","booking":null},"created":{"date":"03.08.2022","time":"18:48","timestamp":1659545280},"introAllowHtml":false,"hasTicket":false,"extra":null,"hasReadMore":true,"media":{"imageData":{"path":"\/sites\/e\/eidem-forlag.no\/files\/federico-di-dio-photography-hao04l8loau-unsplash.jpg","width":6000,"height":4000,"aspectRatio":1.5},"previewImageUrl":"\/sites\/e\/eidem-forlag.no\/files\/federico-di-dio-photography-hao04l8loau-unsplash.jpg?cropToFit=100x59&quality=50","imageVariants":[{"path":"\/sites\/e\/eidem-forlag.no\/files\/federico-di-dio-photography-hao04l8loau-unsplash.jpg?cropToFit=100x59&quality=75","width":100,"height":59,"aspectRatio":1.694915254237288},{"path":"\/sites\/e\/eidem-forlag.no\/files\/federico-di-dio-photography-hao04l8loau-unsplash.jpg?cropToFit=200x118&quality=75","width":200,"height":118,"aspectRatio":1.694915254237288},{"path":"\/sites\/e\/eidem-forlag.no\/files\/federico-di-dio-photography-hao04l8loau-unsplash.jpg?cropToFit=400x235&quality=75","width":400,"height":235,"aspectRatio":1.702127659574468},{"path":"\/sites\/e\/eidem-forlag.no\/files\/federico-di-dio-photography-hao04l8loau-unsplash.jpg?cropToFit=600x353&quality=75","width":600,"height":353,"aspectRatio":1.6997167138810199},{"path":"\/sites\/e\/eidem-forlag.no\/files\/federico-di-dio-photography-hao04l8loau-unsplash.jpg?cropToFit=800x471&quality=75","width":800,"height":471,"aspectRatio":1.6985138004246285},{"path":"\/sites\/e\/eidem-forlag.no\/files\/federico-di-dio-photography-hao04l8loau-unsplash.jpg?cropToFit=1000x588&quality=75","width":1000,"height":588,"aspectRatio":1.7006802721088434}],"image":"\/sites\/e\/eidem-forlag.no\/files\/federico-di-dio-photography-hao04l8loau-unsplash.jpg","aspect":1.694915254237288,"type":"image","description":null},"additionalData":[]},{"classes":["outercol"],"isFavourite":false,"isExternalUrl":{"articleLink":false},"articleListButtonsData":{"buttonsList":[{"label":"Les mer","url":"\/aktuelt\/Diktkonkurranse","type":"readmore"}],"mode":"default"},"favouriteType":null,"mnu":null,"section":null,"displayId":true,"docId":55,"identifier":"55Article","docType":"Article","customDate":false,"teaserData":{"teaserText":"","mode":"default"},"content":{"teaser":"","intro":"Jeg vant diktkonkurransen om Havmannen, i regi av Rana kommune. Du kan lese diktet her."},"titles":{"main":"Diktkonkurranse","readMoreButton":"Les mer"},"urls":{"readMore":"\/aktuelt\/Diktkonkurranse","booking":null},"created":{"date":"20.01.2020","time":"20:00","timestamp":1579546800},"introAllowHtml":false,"hasTicket":false,"extra":null,"hasReadMore":true,"media":{"imageData":{"path":"\/sites\/e\/eidem-forlag.no\/files\/mona_red_havmann1.png","width":480,"height":640,"aspectRatio":0.75},"previewImageUrl":"\/sites\/e\/eidem-forlag.no\/files\/mona_red_havmann1.png?cropToFit=100x59&quality=50","imageVariants":[{"path":"\/sites\/e\/eidem-forlag.no\/files\/mona_red_havmann1.png?cropToFit=100x59&quality=75","width":100,"height":59,"aspectRatio":1.694915254237288},{"path":"\/sites\/e\/eidem-forlag.no\/files\/mona_red_havmann1.png?cropToFit=200x118&quality=75","width":200,"height":118,"aspectRatio":1.694915254237288},{"path":"\/sites\/e\/eidem-forlag.no\/files\/mona_red_havmann1.png?cropToFit=400x235&quality=75","width":400,"height":235,"aspectRatio":1.702127659574468},{"path":"\/sites\/e\/eidem-forlag.no\/files\/mona_red_havmann1.png?cropToFit=600x353&quality=75","width":480,"height":282,"aspectRatio":1.702127659574468},{"path":"\/sites\/e\/eidem-forlag.no\/files\/mona_red_havmann1.png?cropToFit=800x471&quality=75","width":480,"height":283,"aspectRatio":1.696113074204947},{"path":"\/sites\/e\/eidem-forlag.no\/files\/mona_red_havmann1.png?cropToFit=1000x588&quality=75","width":480,"height":282,"aspectRatio":1.702127659574468}],"image":"\/sites\/e\/eidem-forlag.no\/files\/mona_red_havmann1.png","aspect":1.694915254237288,"type":"image","description":null},"additionalData":[]},{"classes":["outercol"],"isFavourite":false,"isExternalUrl":{"articleLink":false},"articleListButtonsData":{"buttonsList":[{"label":"Les mer","url":"\/aktuelt\/?Article=54","type":"readmore"}],"mode":"default"},"favouriteType":null,"mnu":null,"section":null,"displayId":true,"docId":54,"identifier":"54Article","docType":"Article","customDate":false,"teaserData":{"teaserText":"Nytt kurs","mode":"default"},"content":{"teaser":"Nytt kurs","intro":"Din historie er unik, og ingen andre kan skrive den."},"titles":{"main":"Skriv din livsfortelling","readMoreButton":"Les mer"},"urls":{"readMore":"\/aktuelt\/?Article=54","booking":null},"created":{"date":"29.09.2019","time":"16:38","timestamp":1569767880},"introAllowHtml":false,"hasTicket":false,"extra":null,"hasReadMore":true,"media":{"imageData":{"path":"\/sites\/e\/eidem-forlag.no\/files\/mona_2__kopi.jpg","width":1196,"height":1800,"aspectRatio":0.6644444444444444},"previewImageUrl":"\/sites\/e\/eidem-forlag.no\/files\/mona_2__kopi.jpg?cropToFit=100x59&quality=50","imageVariants":[{"path":"\/sites\/e\/eidem-forlag.no\/files\/mona_2__kopi.jpg?cropToFit=100x59&quality=75","width":100,"height":59,"aspectRatio":1.694915254237288},{"path":"\/sites\/e\/eidem-forlag.no\/files\/mona_2__kopi.jpg?cropToFit=200x118&quality=75","width":200,"height":118,"aspectRatio":1.694915254237288},{"path":"\/sites\/e\/eidem-forlag.no\/files\/mona_2__kopi.jpg?cropToFit=400x235&quality=75","width":400,"height":235,"aspectRatio":1.702127659574468},{"path":"\/sites\/e\/eidem-forlag.no\/files\/mona_2__kopi.jpg?cropToFit=600x353&quality=75","width":600,"height":353,"aspectRatio":1.6997167138810199},{"path":"\/sites\/e\/eidem-forlag.no\/files\/mona_2__kopi.jpg?cropToFit=800x471&quality=75","width":800,"height":471,"aspectRatio":1.6985138004246285},{"path":"\/sites\/e\/eidem-forlag.no\/files\/mona_2__kopi.jpg?cropToFit=1000x588&quality=75","width":1000,"height":588,"aspectRatio":1.7006802721088434}],"image":"\/sites\/e\/eidem-forlag.no\/files\/mona_2__kopi.jpg","aspect":1.694915254237288,"type":"image","description":null},"additionalData":[]},{"classes":["outercol"],"isFavourite":false,"isExternalUrl":{"articleLink":false},"articleListButtonsData":{"buttonsList":[{"label":"Les mer","url":"\/aktuelt\/?Article=53","type":"readmore"}],"mode":"default"},"favouriteType":null,"mnu":null,"section":null,"displayId":true,"docId":53,"identifier":"53Article","docType":"Article","customDate":false,"teaserData":{"teaserText":"nyhet","mode":"default"},"content":{"teaser":"nyhet","intro":"Flott slipp av boken \"Alt det vi ikke ser\""},"titles":{"main":"Bokslipp","readMoreButton":"Les mer"},"urls":{"readMore":"\/aktuelt\/?Article=53","booking":null},"created":{"date":"29.11.2018","time":"19:50","timestamp":1543517400},"introAllowHtml":false,"hasTicket":false,"extra":null,"hasReadMore":true,"media":{"imageData":{"path":"\/sites\/e\/eidem-forlag.no\/files\/eidem_mockup3.png","width":2500,"height":1800,"aspectRatio":1.3888888888888888},"previewImageUrl":"\/sites\/e\/eidem-forlag.no\/files\/eidem_mockup3.png?cropToFit=100x59&quality=50","imageVariants":[{"path":"\/sites\/e\/eidem-forlag.no\/files\/eidem_mockup3.png?cropToFit=100x59&quality=75","width":100,"height":59,"aspectRatio":1.694915254237288},{"path":"\/sites\/e\/eidem-forlag.no\/files\/eidem_mockup3.png?cropToFit=200x118&quality=75","width":200,"height":118,"aspectRatio":1.694915254237288},{"path":"\/sites\/e\/eidem-forlag.no\/files\/eidem_mockup3.png?cropToFit=400x235&quality=75","width":400,"height":235,"aspectRatio":1.702127659574468},{"path":"\/sites\/e\/eidem-forlag.no\/files\/eidem_mockup3.png?cropToFit=600x353&quality=75","width":600,"height":353,"aspectRatio":1.6997167138810199},{"path":"\/sites\/e\/eidem-forlag.no\/files\/eidem_mockup3.png?cropToFit=800x471&quality=75","width":800,"height":471,"aspectRatio":1.6985138004246285},{"path":"\/sites\/e\/eidem-forlag.no\/files\/eidem_mockup3.png?cropToFit=1000x588&quality=75","width":1000,"height":588,"aspectRatio":1.7006802721088434}],"image":"\/sites\/e\/eidem-forlag.no\/files\/eidem_mockup3.png","aspect":1.694915254237288,"type":"image","description":null},"additionalData":[]},{"classes":["outercol"],"isFavourite":false,"isExternalUrl":{"articleLink":false},"articleListButtonsData":{"buttonsList":[{"label":"Les mer","url":"\/aktuelt\/?Article=52","type":"readmore"}],"mode":"default"},"favouriteType":null,"mnu":null,"section":null,"displayId":true,"docId":52,"identifier":"52Article","docType":"Article","customDate":false,"teaserData":{"teaserText":"","mode":"default"},"content":{"teaser":"","intro":""},"titles":{"main":"Mental restaurering","readMoreButton":"Les mer"},"urls":{"readMore":"\/aktuelt\/?Article=52","booking":null},"created":{"date":"21.09.2018","time":"11:59","timestamp":1537523940},"introAllowHtml":false,"hasTicket":false,"extra":null,"hasReadMore":true,"media":{"imageData":{"path":"\/sites\/e\/eidem-forlag.no\/files\/cimg3777__kopi.jpg","width":1350,"height":1800,"aspectRatio":0.75},"previewImageUrl":"\/sites\/e\/eidem-forlag.no\/files\/cimg3777__kopi.jpg?cropToFit=100x59&quality=50","imageVariants":[{"path":"\/sites\/e\/eidem-forlag.no\/files\/cimg3777__kopi.jpg?cropToFit=100x59&quality=75","width":100,"height":59,"aspectRatio":1.694915254237288},{"path":"\/sites\/e\/eidem-forlag.no\/files\/cimg3777__kopi.jpg?cropToFit=200x118&quality=75","width":200,"height":118,"aspectRatio":1.694915254237288},{"path":"\/sites\/e\/eidem-forlag.no\/files\/cimg3777__kopi.jpg?cropToFit=400x235&quality=75","width":400,"height":235,"aspectRatio":1.702127659574468},{"path":"\/sites\/e\/eidem-forlag.no\/files\/cimg3777__kopi.jpg?cropToFit=600x353&quality=75","width":600,"height":353,"aspectRatio":1.6997167138810199},{"path":"\/sites\/e\/eidem-forlag.no\/files\/cimg3777__kopi.jpg?cropToFit=800x471&quality=75","width":800,"height":471,"aspectRatio":1.6985138004246285},{"path":"\/sites\/e\/eidem-forlag.no\/files\/cimg3777__kopi.jpg?cropToFit=1000x588&quality=75","width":1000,"height":588,"aspectRatio":1.7006802721088434}],"image":"\/sites\/e\/eidem-forlag.no\/files\/cimg3777__kopi.jpg","aspect":1.694915254237288,"type":"image","description":null},"additionalData":[]},{"classes":["outercol"],"isFavourite":false,"isExternalUrl":{"articleLink":false},"articleListButtonsData":{"buttonsList":[{"label":"Les mer","url":"\/aktuelt\/?Article=50","type":"readmore"}],"mode":"default"},"favouriteType":null,"mnu":null,"section":null,"displayId":true,"docId":50,"identifier":"50Article","docType":"Article","customDate":false,"teaserData":{"teaserText":"","mode":"default"},"content":{"teaser":"","intro":"jeg er glad foreldrene mine gav meg lov til \u00e5 kjede meg."},"titles":{"main":"Den fantastisk kjedelige barndommen","readMoreButton":"Les mer"},"urls":{"readMore":"\/aktuelt\/?Article=50","booking":null},"created":{"date":"06.09.2018","time":"15:18","timestamp":1536239880},"introAllowHtml":false,"hasTicket":false,"extra":null,"hasReadMore":true,"media":{"imageData":{"path":"\/sites\/e\/eidem-forlag.no\/files\/pexelsphoto_rev.jpg","width":1500,"height":1000,"aspectRatio":1.5},"previewImageUrl":"\/sites\/e\/eidem-forlag.no\/files\/pexelsphoto_rev.jpg?cropToFit=100x59&quality=50","imageVariants":[{"path":"\/sites\/e\/eidem-forlag.no\/files\/pexelsphoto_rev.jpg?cropToFit=100x59&quality=75","width":100,"height":59,"aspectRatio":1.694915254237288},{"path":"\/sites\/e\/eidem-forlag.no\/files\/pexelsphoto_rev.jpg?cropToFit=200x118&quality=75","width":200,"height":118,"aspectRatio":1.694915254237288},{"path":"\/sites\/e\/eidem-forlag.no\/files\/pexelsphoto_rev.jpg?cropToFit=400x235&quality=75","width":400,"height":235,"aspectRatio":1.702127659574468},{"path":"\/sites\/e\/eidem-forlag.no\/files\/pexelsphoto_rev.jpg?cropToFit=600x353&quality=75","width":600,"height":353,"aspectRatio":1.6997167138810199},{"path":"\/sites\/e\/eidem-forlag.no\/files\/pexelsphoto_rev.jpg?cropToFit=800x471&quality=75","width":800,"height":471,"aspectRatio":1.6985138004246285},{"path":"\/sites\/e\/eidem-forlag.no\/files\/pexelsphoto_rev.jpg?cropToFit=1000x588&quality=75","width":1000,"height":588,"aspectRatio":1.7006802721088434}],"image":"\/sites\/e\/eidem-forlag.no\/files\/pexelsphoto_rev.jpg","aspect":1.694915254237288,"type":"image","description":null},"additionalData":[]},{"classes":["outercol"],"isFavourite":false,"isExternalUrl":{"articleLink":false},"articleListButtonsData":{"buttonsList":[{"label":"Les mer","url":"\/aktuelt\/personer-i-en-historie","type":"readmore"}],"mode":"default"},"favouriteType":null,"mnu":null,"section":null,"displayId":true,"docId":47,"identifier":"47Article","docType":"Article","customDate":false,"teaserData":{"teaserText":"","mode":"default"},"content":{"teaser":"","intro":"Hvorfor er beskrivelsen av personene i fortellinger s\u00e5 viktig i litteraturen?"},"titles":{"main":"Personer i en historie","readMoreButton":"Les mer"},"urls":{"readMore":"\/aktuelt\/personer-i-en-historie","booking":null},"created":{"date":"21.08.2018","time":"19:43","timestamp":1534873380},"introAllowHtml":false,"hasTicket":false,"extra":null,"hasReadMore":true,"media":{"imageData":{"path":"\/sites\/e\/eidem-forlag.no\/files\/skin3358873__340.jpg","width":485,"height":340,"aspectRatio":1.4264705882352942},"previewImageUrl":"\/sites\/e\/eidem-forlag.no\/files\/skin3358873__340.jpg?cropToFit=100x59&quality=50","imageVariants":[{"path":"\/sites\/e\/eidem-forlag.no\/files\/skin3358873__340.jpg?cropToFit=100x59&quality=75","width":100,"height":59,"aspectRatio":1.694915254237288},{"path":"\/sites\/e\/eidem-forlag.no\/files\/skin3358873__340.jpg?cropToFit=200x118&quality=75","width":200,"height":118,"aspectRatio":1.694915254237288},{"path":"\/sites\/e\/eidem-forlag.no\/files\/skin3358873__340.jpg?cropToFit=400x235&quality=75","width":400,"height":235,"aspectRatio":1.702127659574468},{"path":"\/sites\/e\/eidem-forlag.no\/files\/skin3358873__340.jpg?cropToFit=600x353&quality=75","width":485,"height":285,"aspectRatio":1.7017543859649122},{"path":"\/sites\/e\/eidem-forlag.no\/files\/skin3358873__340.jpg?cropToFit=800x471&quality=75","width":485,"height":286,"aspectRatio":1.6958041958041958},{"path":"\/sites\/e\/eidem-forlag.no\/files\/skin3358873__340.jpg?cropToFit=1000x588&quality=75","width":485,"height":285,"aspectRatio":1.7017543859649122}],"image":"\/sites\/e\/eidem-forlag.no\/files\/skin3358873__340.jpg","aspect":1.694915254237288,"type":"image","description":null},"additionalData":[]},{"classes":["outercol"],"isFavourite":false,"isExternalUrl":{"articleLink":false},"articleListButtonsData":{"buttonsList":[{"label":"Les mer","url":"\/aktuelt\/trailersj\u00e5f\u00f8ren-krimnovelle-mona-helene-eidem","type":"readmore"}],"mode":"default"},"favouriteType":null,"mnu":null,"section":null,"displayId":true,"docId":43,"identifier":"43Article","docType":"Article","customDate":false,"teaserData":{"teaserText":"","mode":"default"},"content":{"teaser":"","intro":"Jobben som trailersj\u00e5f\u00f8r fungerer som en flukt fra moren og bygdetrollet. Etterhvert begynner han \u00e5 plukke opp kvinnelige haikere...Krimnovellen \u00abTrailersj\u00e5f\u00f8ren\u00bb er n\u00e5 tilgjengelig for deg."},"titles":{"main":"Lesestoff til deg","readMoreButton":"Les mer"},"urls":{"readMore":"\/aktuelt\/trailersj\u00e5f\u00f8ren-krimnovelle-mona-helene-eidem","booking":null},"created":{"date":"15.06.2018","time":"13:10","timestamp":1529061000},"introAllowHtml":false,"hasTicket":false,"extra":null,"hasReadMore":true,"media":{"imageData":{"path":"\/sites\/e\/eidem-forlag.no\/files\/faksimiletrailer_1.jpg","width":530,"height":343,"aspectRatio":1.5451895043731778},"previewImageUrl":"\/sites\/e\/eidem-forlag.no\/files\/faksimiletrailer_1.jpg?cropToFit=100x59&quality=50","imageVariants":[{"path":"\/sites\/e\/eidem-forlag.no\/files\/faksimiletrailer_1.jpg?cropToFit=100x59&quality=75","width":100,"height":59,"aspectRatio":1.694915254237288},{"path":"\/sites\/e\/eidem-forlag.no\/files\/faksimiletrailer_1.jpg?cropToFit=200x118&quality=75","width":200,"height":118,"aspectRatio":1.694915254237288},{"path":"\/sites\/e\/eidem-forlag.no\/files\/faksimiletrailer_1.jpg?cropToFit=400x235&quality=75","width":400,"height":235,"aspectRatio":1.702127659574468},{"path":"\/sites\/e\/eidem-forlag.no\/files\/faksimiletrailer_1.jpg?cropToFit=600x353&quality=75","width":530,"height":312,"aspectRatio":1.6987179487179487},{"path":"\/sites\/e\/eidem-forlag.no\/files\/faksimiletrailer_1.jpg?cropToFit=800x471&quality=75","width":530,"height":312,"aspectRatio":1.6987179487179487},{"path":"\/sites\/e\/eidem-forlag.no\/files\/faksimiletrailer_1.jpg?cropToFit=1000x588&quality=75","width":530,"height":312,"aspectRatio":1.6987179487179487}],"image":"\/sites\/e\/eidem-forlag.no\/files\/faksimiletrailer_1.jpg","aspect":1.694915254237288,"type":"image","description":null},"additionalData":[]},{"classes":["outercol"],"isFavourite":false,"isExternalUrl":{"articleLink":false},"articleListButtonsData":{"buttonsList":[{"label":"Les mer","url":"\/aktuelt\/opplesning-mo-aktivitetshus","type":"readmore"}],"mode":"default"},"favouriteType":null,"mnu":null,"section":null,"displayId":true,"docId":25,"identifier":"25Article","docType":"Article","customDate":false,"teaserData":{"teaserText":"","mode":"default"},"content":{"teaser":"","intro":"Tirsdag 10 april 2018 bidro jeg med opplesning ved \u00e5pningen av Mo Aktivitetshus."},"titles":{"main":"opplesing p\u00e5 mo aktivitetshus","readMoreButton":"Les mer"},"urls":{"readMore":"\/aktuelt\/opplesning-mo-aktivitetshus","booking":null},"created":{"date":"10.04.2018","time":"00:27","timestamp":1523312820},"introAllowHtml":false,"hasTicket":false,"extra":null,"hasReadMore":true,"media":{"imageData":{"path":"\/sites\/e\/eidem-forlag.no\/files\/618728018.jpg","width":745,"height":419,"aspectRatio":1.7780429594272076},"previewImageUrl":"\/sites\/e\/eidem-forlag.no\/files\/618728018.jpg?cropToFit=100x59&quality=50","imageVariants":[{"path":"\/sites\/e\/eidem-forlag.no\/files\/618728018.jpg?cropToFit=100x59&quality=75","width":100,"height":59,"aspectRatio":1.694915254237288},{"path":"\/sites\/e\/eidem-forlag.no\/files\/618728018.jpg?cropToFit=200x118&quality=75","width":200,"height":118,"aspectRatio":1.694915254237288},{"path":"\/sites\/e\/eidem-forlag.no\/files\/618728018.jpg?cropToFit=400x235&quality=75","width":400,"height":235,"aspectRatio":1.702127659574468},{"path":"\/sites\/e\/eidem-forlag.no\/files\/618728018.jpg?cropToFit=600x353&quality=75","width":600,"height":353,"aspectRatio":1.6997167138810199},{"path":"\/sites\/e\/eidem-forlag.no\/files\/618728018.jpg?cropToFit=800x471&quality=75","width":712,"height":419,"aspectRatio":1.6992840095465394},{"path":"\/sites\/e\/eidem-forlag.no\/files\/618728018.jpg?cropToFit=1000x588&quality=75","width":713,"height":419,"aspectRatio":1.701670644391408}],"image":"\/sites\/e\/eidem-forlag.no\/files\/618728018.jpg","aspect":1.694915254237288,"type":"image","description":null},"additionalData":[]},{"classes":["outercol"],"isFavourite":false,"isExternalUrl":{"articleLink":false},"articleListButtonsData":{"buttonsList":[{"label":"Les mer","url":"\/aktuelt\/?Article=26","type":"readmore"}],"mode":"default"},"favouriteType":null,"mnu":null,"section":null,"displayId":true,"docId":26,"identifier":"26Article","docType":"Article","customDate":false,"teaserData":{"teaserText":"","mode":"default"},"content":{"teaser":"","intro":"I mai 2016 ble jeg invitert til \u00e5 delta p\u00e5 arrangementet \u00abVi bryr oss\u00bb p\u00e5 Nordland teater. \r\n"},"titles":{"main":"opplesing p\u00e5 nordland teater","readMoreButton":"Les mer"},"urls":{"readMore":"\/aktuelt\/?Article=26","booking":null},"created":{"date":"10.04.2018","time":"00:30","timestamp":1523313000},"introAllowHtml":false,"hasTicket":false,"extra":null,"hasReadMore":true,"media":{"imageData":{"path":"\/sites\/e\/eidem-forlag.no\/files\/maint2016.jpg","width":708,"height":523,"aspectRatio":1.3537284894837476},"previewImageUrl":"\/sites\/e\/eidem-forlag.no\/files\/maint2016.jpg?cropToFit=100x59&quality=50","imageVariants":[{"path":"\/sites\/e\/eidem-forlag.no\/files\/maint2016.jpg?cropToFit=100x59&quality=75","width":100,"height":59,"aspectRatio":1.694915254237288},{"path":"\/sites\/e\/eidem-forlag.no\/files\/maint2016.jpg?cropToFit=200x118&quality=75","width":200,"height":118,"aspectRatio":1.694915254237288},{"path":"\/sites\/e\/eidem-forlag.no\/files\/maint2016.jpg?cropToFit=400x235&quality=75","width":400,"height":235,"aspectRatio":1.702127659574468},{"path":"\/sites\/e\/eidem-forlag.no\/files\/maint2016.jpg?cropToFit=600x353&quality=75","width":600,"height":353,"aspectRatio":1.6997167138810199},{"path":"\/sites\/e\/eidem-forlag.no\/files\/maint2016.jpg?cropToFit=800x471&quality=75","width":708,"height":417,"aspectRatio":1.6978417266187051},{"path":"\/sites\/e\/eidem-forlag.no\/files\/maint2016.jpg?cropToFit=1000x588&quality=75","width":708,"height":416,"aspectRatio":1.7019230769230769}],"image":"\/sites\/e\/eidem-forlag.no\/files\/maint2016.jpg","aspect":1.694915254237288,"type":"image","description":null},"additionalData":[]},{"classes":["outercol"],"isFavourite":false,"isExternalUrl":{"articleLink":false},"articleListButtonsData":{"buttonsList":[{"label":"Les mer","url":"\/aktuelt\/?Article=14","type":"readmore"}],"mode":"default"},"favouriteType":null,"mnu":null,"section":null,"displayId":true,"docId":14,"identifier":"14Article","docType":"Article","customDate":false,"teaserData":{"teaserText":"","mode":"default"},"content":{"teaser":"","intro":"Den 25.11.2015 hadde jeg bokslipp p\u00e5 Askeladden brukthandel. "},"titles":{"main":"Bokslipp","readMoreButton":"Les mer"},"urls":{"readMore":"\/aktuelt\/?Article=14","booking":null},"created":{"date":"19.03.2018","time":"10:44","timestamp":1521452640},"introAllowHtml":false,"hasTicket":false,"extra":null,"hasReadMore":true,"media":{"imageData":{"path":"\/sites\/e\/eidem-forlag.no\/files\/monalovhytta.jpg","width":880,"height":880,"aspectRatio":1},"previewImageUrl":"\/sites\/e\/eidem-forlag.no\/files\/monalovhytta.jpg?cropToFit=100x59&quality=50","imageVariants":[{"path":"\/sites\/e\/eidem-forlag.no\/files\/monalovhytta.jpg?cropToFit=100x59&quality=75","width":100,"height":59,"aspectRatio":1.694915254237288},{"path":"\/sites\/e\/eidem-forlag.no\/files\/monalovhytta.jpg?cropToFit=200x118&quality=75","width":200,"height":118,"aspectRatio":1.694915254237288},{"path":"\/sites\/e\/eidem-forlag.no\/files\/monalovhytta.jpg?cropToFit=400x235&quality=75","width":400,"height":235,"aspectRatio":1.702127659574468},{"path":"\/sites\/e\/eidem-forlag.no\/files\/monalovhytta.jpg?cropToFit=600x353&quality=75","width":600,"height":353,"aspectRatio":1.6997167138810199},{"path":"\/sites\/e\/eidem-forlag.no\/files\/monalovhytta.jpg?cropToFit=800x471&quality=75","width":800,"height":471,"aspectRatio":1.6985138004246285},{"path":"\/sites\/e\/eidem-forlag.no\/files\/monalovhytta.jpg?cropToFit=1000x588&quality=75","width":880,"height":517,"aspectRatio":1.702127659574468}],"image":"\/sites\/e\/eidem-forlag.no\/files\/monalovhytta.jpg","aspect":1.694915254237288,"type":"image","description":null},"additionalData":[]}],"pages":[1],"currentPage":1,"sections":[]}